{"id":2307,"date":"2020-05-07T16:41:48","date_gmt":"2020-05-07T14:41:48","guid":{"rendered":"https:\/\/nobledent.de.w017da26.kasserver.com\/clinica-dental\/odontologia-estetica\/veneers-verblendschalen\/"},"modified":"2020-08-05T08:38:17","modified_gmt":"2020-08-05T06:38:17","slug":"carillas","status":"publish","type":"page","link":"https:\/\/nobledent.de\/es\/clinica-dental\/odontologia-estetica\/carillas\/","title":{"rendered":"Carillas"},"content":{"rendered":"<div id='av_section_1'  class='avia-section main_color avia-section-default avia-no-border-styling  avia-full-stretch avia-bg-style-scroll  avia-builder-el-0  el_before_av_submenu  avia-builder-el-first   av-minimum-height av-minimum-height-custom  container_wrap fullsize' style='background-repeat: no-repeat; background-image: url(https:\/\/nobledent.de\/wp-content\/uploads\/2020\/05\/Nobledent_veneers_tropfen.jpg);background-attachment: scroll; background-position: center center;  '  data-section-bg-repeat='stretch'><div class='container' style='height:200px'><main  role=\"main\" itemprop=\"mainContentOfPage\"  class='template-page content  av-content-full alpha units'><div class='post-entry post-entry-type-page post-entry-2307'><div class='entry-content-wrapper clearfix'>\n<\/div><\/div><\/main><!-- close content main element --><\/div><\/div><div class='clear'><\/div><div id='sub_menu1'  class='av-submenu-container main_color  avia-builder-el-1  el_after_av_section  el_before_av_submenu  submenu-style-3 av-sticky-submenu  submenu-not-first container_wrap fullsize' style='  z-index:301' ><div class='container av-menu-mobile-disabled '><ul id=\"menu-switch-menu-es\" class=\"av-subnav-menu av-submenu-pos-center\"><li id=\"menu-item-2479\" class=\"menu-item menu-item-type-post_type menu-item-object-page menu-item-top-level menu-item-top-level-1\"><a href=\"https:\/\/nobledent.de\/es\/clinica-dental\/\" itemprop=\"url\"><span class=\"avia-bullet\"><\/span><span class=\"avia-menu-text\">Clinica dental<\/span><span class=\"avia-menu-fx\"><span class=\"avia-arrow-wrap\"><span class=\"avia-arrow\"><\/span><\/span><\/span><\/a><\/li>\n<li id=\"menu-item-2481\" class=\"menu-item menu-item-type-post_type menu-item-object-page menu-item-top-level menu-item-top-level-2\"><a href=\"https:\/\/nobledent.de\/es\/laboratorio-dental\/\" itemprop=\"url\"><span class=\"avia-bullet\"><\/span><span class=\"avia-menu-text\">Laboratorio Dental<\/span><span class=\"avia-menu-fx\"><span class=\"avia-arrow-wrap\"><span class=\"avia-arrow\"><\/span><\/span><\/span><\/a><\/li>\n<li id=\"menu-item-2480\" class=\"menu-item menu-item-type-post_type menu-item-object-page menu-item-top-level menu-item-top-level-3\"><a href=\"https:\/\/nobledent.de\/es\/formacion-adicional\/\" itemprop=\"url\"><span class=\"avia-bullet\"><\/span><span class=\"avia-menu-text\">Formaci\u00f3n adicional<\/span><span class=\"avia-menu-fx\"><span class=\"avia-arrow-wrap\"><span class=\"avia-arrow\"><\/span><\/span><\/span><\/a><\/li>\n<\/ul><\/div><\/div><div class='sticky_placeholder'><\/div>\n<div class='clear'><\/div><div id='sub_menu2'  class='av-submenu-container main_color  avia-builder-el-2  el_after_av_submenu  el_before_av_hr  submenu_zahnarztpraxis av-sticky-submenu  submenu-not-first container_wrap fullsize' style='  z-index:302' ><div class='container av-menu-mobile-disabled '><ul id=\"menu-switch-menu-clinica-dental\" class=\"av-subnav-menu av-submenu-pos-left\"><li id=\"menu-item-2484\" class=\"menu-item menu-item-type-post_type menu-item-object-page menu-item-top-level menu-item-top-level-1\"><a href=\"https:\/\/nobledent.de\/es\/clinica-dental\/nuestros-horarios\/\" itemprop=\"url\"><span class=\"avia-bullet\"><\/span><span class=\"avia-menu-text\">Nuestros horarios<\/span><span class=\"avia-menu-fx\"><span class=\"avia-arrow-wrap\"><span class=\"avia-arrow\"><\/span><\/span><\/span><\/a><\/li>\n<li id=\"menu-item-2483\" class=\"menu-item menu-item-type-post_type menu-item-object-page menu-item-top-level menu-item-top-level-2\"><a href=\"https:\/\/nobledent.de\/es\/clinica-dental\/nuestro-equipo\/\" itemprop=\"url\"><span class=\"avia-bullet\"><\/span><span class=\"avia-menu-text\">Nuestro equipo<\/span><span class=\"avia-menu-fx\"><span class=\"avia-arrow-wrap\"><span class=\"avia-arrow\"><\/span><\/span><\/span><\/a><\/li>\n<li id=\"menu-item-2485\" class=\"menu-item menu-item-type-post_type menu-item-object-page menu-item-has-children menu-item-top-level menu-item-top-level-3\"><a href=\"https:\/\/nobledent.de\/es\/clinica-dental\/odontologia-estetica\/\" itemprop=\"url\"><span class=\"avia-bullet\"><\/span><span class=\"avia-menu-text\">Odontolog\u00eda est\u00e9tica<\/span><span class=\"avia-menu-fx\"><span class=\"avia-arrow-wrap\"><span class=\"avia-arrow\"><\/span><\/span><\/span><\/a>\n\n\n<ul class=\"sub-menu\">\n\t<li id=\"menu-item-3104\" class=\"menu-item menu-item-type-post_type menu-item-object-page\"><a href=\"https:\/\/nobledent.de\/es\/clinica-dental\/odontologia-estetica\/\" itemprop=\"url\"><span class=\"avia-bullet\"><\/span><span class=\"avia-menu-text\">Odontolog\u00eda est\u00e9tica<\/span><\/a><\/li>\n\t<li id=\"menu-item-2489\" class=\"menu-item menu-item-type-post_type menu-item-object-page\"><a href=\"https:\/\/nobledent.de\/es\/clinica-dental\/odontologia-estetica\/digital-smile-design\/\" itemprop=\"url\"><span class=\"avia-bullet\"><\/span><span class=\"avia-menu-text\">Digital Smile Design<\/span><\/a><\/li>\n\t<li id=\"menu-item-2487\" class=\"menu-item menu-item-type-post_type menu-item-object-page\"><a href=\"https:\/\/nobledent.de\/es\/clinica-dental\/odontologia-estetica\/carillas\/\" itemprop=\"url\"><span class=\"avia-bullet\"><\/span><span class=\"avia-menu-text\">Carillas<\/span><\/a><\/li>\n\t<li id=\"menu-item-2488\" class=\"menu-item menu-item-type-post_type menu-item-object-page\"><a href=\"https:\/\/nobledent.de\/es\/clinica-dental\/odontologia-estetica\/ceramica\/\" itemprop=\"url\"><span class=\"avia-bullet\"><\/span><span class=\"avia-menu-text\">Cer\u00e1mica<\/span><\/a><\/li>\n\t<li id=\"menu-item-2486\" class=\"menu-item menu-item-type-post_type menu-item-object-page\"><a href=\"https:\/\/nobledent.de\/es\/clinica-dental\/odontologia-estetica\/blanqueo-y-limpieza-dental-profesional\/\" itemprop=\"url\"><span class=\"avia-bullet\"><\/span><span class=\"avia-menu-text\">Blanqueo y limpieza dental profesional<\/span><\/a><\/li>\n<\/ul>\n<\/li>\n<li id=\"menu-item-2482\" class=\"menu-item menu-item-type-post_type menu-item-object-page menu-item-top-level menu-item-top-level-4\"><a href=\"https:\/\/nobledent.de\/es\/clinica-dental\/implantologia\/\" itemprop=\"url\"><span class=\"avia-bullet\"><\/span><span class=\"avia-menu-text\">Implantolog\u00eda<\/span><span class=\"avia-menu-fx\"><span class=\"avia-arrow-wrap\"><span class=\"avia-arrow\"><\/span><\/span><\/span><\/a><\/li>\n<li id=\"menu-item-2490\" class=\"menu-item menu-item-type-post_type menu-item-object-page menu-item-has-children menu-item-top-level menu-item-top-level-5\"><a href=\"https:\/\/nobledent.de\/es\/clinica-dental\/protesis\/\" itemprop=\"url\"><span class=\"avia-bullet\"><\/span><span class=\"avia-menu-text\">Pr\u00f3tesis<\/span><span class=\"avia-menu-fx\"><span class=\"avia-arrow-wrap\"><span class=\"avia-arrow\"><\/span><\/span><\/span><\/a>\n\n\n<ul class=\"sub-menu\">\n\t<li id=\"menu-item-3105\" class=\"menu-item menu-item-type-post_type menu-item-object-page\"><a href=\"https:\/\/nobledent.de\/es\/clinica-dental\/protesis\/\" itemprop=\"url\"><span class=\"avia-bullet\"><\/span><span class=\"avia-menu-text\">Pr\u00f3tesis<\/span><\/a><\/li>\n\t<li id=\"menu-item-2492\" class=\"menu-item menu-item-type-post_type menu-item-object-page\"><a href=\"https:\/\/nobledent.de\/es\/clinica-dental\/protesis\/terapia-con-ferulas\/\" itemprop=\"url\"><span class=\"avia-bullet\"><\/span><span class=\"avia-menu-text\">Terapia con f\u00e9rulas<\/span><\/a><\/li>\n<\/ul>\n<\/li>\n<li id=\"menu-item-2491\" class=\"menu-item menu-item-type-post_type menu-item-object-page menu-item-top-level menu-item-top-level-6\"><a href=\"https:\/\/nobledent.de\/es\/contacto\/\" itemprop=\"url\"><span class=\"avia-bullet\"><\/span><span class=\"avia-menu-text\">Contacto<\/span><span class=\"avia-menu-fx\"><span class=\"avia-arrow-wrap\"><span class=\"avia-arrow\"><\/span><\/span><\/span><\/a><\/li>\n<\/ul><\/div><\/div><div class='sticky_placeholder'><\/div><div id='after_submenu'  class='main_color av_default_container_wrap container_wrap fullsize' style=' '  ><div class='container' ><div class='template-page content  av-content-full alpha units'><div class='post-entry post-entry-type-page post-entry-2307'><div class='entry-content-wrapper clearfix'>\n<div  style='height:20px' class='hr hr-invisible  av-small-hide av-mini-hide  avia-builder-el-3  el_after_av_submenu  el_before_av_layout_row  avia-builder-el-no-sibling '><span class='hr-inner ' ><span class='hr-inner-style'><\/span><\/span><\/div>\n<\/div><\/div><\/div><!-- close content main div --><\/div><\/div><div id='av-layout-grid-1'  class='av-layout-grid-container entry-content-wrapper main_color av-flex-cells     avia-builder-el-4  el_after_av_hr  el_before_av_hr  submenu-not-first container_wrap fullsize' style=' '  >\n<div class=\"flex_cell no_margin av_one_half  avia-builder-el-5  el_before_av_cell_one_half  avia-builder-el-first   \"  style='vertical-align:top; padding:50px; ' ><div class='flex_cell_inner' ><div class=\"flex_column av_one_full  flex_column_div av-zero-column-padding first  avia-builder-el-6  avia-builder-el-no-sibling  \" style='border-radius:0px; '><p><div  style='padding-bottom:10px; ' class='av-special-heading av-special-heading-h1  blockquote modern-quote  avia-builder-el-7  el_before_av_textblock  avia-builder-el-first  av-thin-font '><h1 class='av-special-heading-tag '  itemprop=\"headline\"  ><strong>Carillas &#8211; el sue\u00f1o de unos hermosos dientes blancos<\/strong><\/h1><div class='special-heading-border'><div class='special-heading-inner-border' ><\/div><\/div><\/div><br \/>\n<section class=\"av_textblock_section \"  itemscope=\"itemscope\" itemtype=\"https:\/\/schema.org\/CreativeWork\" ><div class='avia_textblock  '   itemprop=\"text\" ><p><strong>\u00a1No m\u00e1s brechas de dientes, dientes torcidos o descoloridos!<\/strong><\/p>\n<p>Para muchas estrellas de Hollywood, una sonrisa impecable es parte de su profesi\u00f3n. Los espacios entre los dientes, los dientes torcidos o demasiado oscuros y los dientes manchados son, despu\u00e9s de todo, cualquier cosa menos listos para la pel\u00edcula. Por esta raz\u00f3n, muchos actores se han hecho \u00abchapas\u00bb en los \u00faltimos a\u00f1os.\u00a0 Estas son l\u00e1minas finas de cer\u00e1mica transl\u00facida que simplemente se pegan a los dientes. El resultado: dientes perfectamente est\u00e9ticos e impecables.<\/p>\n<p>El procedimiento es suave con el diente y, sobre todo, completamente indoloro. En una conversaci\u00f3n personal con un equipo de expertos, formado por un maestro t\u00e9cnico dental y un dentista, se aclara qu\u00e9 expectativas y deseos tiene el paciente con respecto a su propia est\u00e9tica dental. Despu\u00e9s los dientes son fotografiados y documentados en nuestro propio estudio fotogr\u00e1fico. Las fotos se digitalizan con un software especial. Junto con el paciente determinamos el tama\u00f1o, la forma y el color de las chapas. Por lo tanto, el paciente ya puede ver en la pantalla de la computadora c\u00f3mo se ven sus dientes frontales despu\u00e9s de que las carillas han sido colocadas.\u00a0 Finalmente, se toma una impresi\u00f3n de los dientes para poder producir las carillas.<\/p>\n<p>Despu\u00e9s de la planificaci\u00f3n digital, no todos los pacientes pueden imaginar c\u00f3mo ser\u00e1n los nuevos dientes de su boca. Hemos encontrado una soluci\u00f3n para este problema exactamente. Es enormemente importante que el paciente est\u00e9 contento con su nueva apariencia. Por esta raz\u00f3n creamos un video con usted y las chapas de pl\u00e1stico adjuntas (Dise\u00f1o de Sonrisa Digital). Puedes mostrar este video a tu familia y amigos y descubrir c\u00f3mo reacciona tu entorno. S\u00f3lo cuando el paciente est\u00e1 cien por ciento satisfecho con sus nuevas carillas, hacemos las carillas de cer\u00e1mica adecuadas.<\/p>\n<\/div><\/section><\/p><\/div>\n<\/div><\/div><div class=\"flex_cell no_margin av_one_half  avia-builder-el-9  el_after_av_cell_one_half  avia-builder-el-last   avia-full-stretch \"  style='background:url(https:\/\/nobledent.de\/wp-content\/uploads\/2020\/05\/Mund-mit-Erdbeere-1030x687.jpg) center center no-repeat scroll; vertical-align:middle; padding:30px; ' ><div class='flex_cell_inner' ><\/div><\/div>\n<\/div><div id='after_submenu_1'  class='main_color av_default_container_wrap container_wrap fullsize' style=' '  ><div class='container' ><div class='template-page content  av-content-full alpha units'><div class='post-entry post-entry-type-page post-entry-2307'><div class='entry-content-wrapper clearfix'>\n<div  style='height:20px' class='hr hr-invisible  av-small-hide av-mini-hide  avia-builder-el-10  el_after_av_layout_row  el_before_av_layout_row  avia-builder-el-no-sibling '><span class='hr-inner ' ><span class='hr-inner-style'><\/span><\/span><\/div>\n<\/div><\/div><\/div><!-- close content main div --><\/div><\/div><div id='av-layout-grid-2'  class='av-layout-grid-container entry-content-wrapper main_color av-flex-cells     avia-builder-el-11  el_after_av_hr  el_before_av_hr  submenu-not-first container_wrap fullsize' style=' '  >\n<div class=\"flex_cell no_margin av_one_half  avia-builder-el-12  el_before_av_cell_one_half  avia-builder-el-first   avia-full-stretch \"  style='background:url(https:\/\/nobledent.de\/wp-content\/uploads\/2020\/04\/Paar_Z\u00e4hne_Nobledent-1030x687.jpg) center center no-repeat scroll; vertical-align:top; padding:30px; ' ><div class='flex_cell_inner' ><\/div><\/div><div class=\"flex_cell no_margin av_one_half  avia-builder-el-13  el_after_av_cell_one_half  avia-builder-el-last   \"  style='vertical-align:middle; padding:50px; ' ><div class='flex_cell_inner' ><div class=\"flex_column av_one_full  flex_column_div av-zero-column-padding first  avia-builder-el-14  avia-builder-el-no-sibling  \" style='border-radius:0px; '><section class=\"av_textblock_section \"  itemscope=\"itemscope\" itemtype=\"https:\/\/schema.org\/CreativeWork\" ><div class='avia_textblock  '   itemprop=\"text\" ><p>Antes de aplicar las carillas, nuestro dentista, por supuesto, examinar\u00e1 minuciosamente los dientes en el lugar para detectar caries u otras enfermedades. Hay una limpieza dental completa y profesional, que incluye la eliminaci\u00f3n de la placa dura y blanda. Opcionalmente, se pueden renovar los empastes m\u00e1s antiguos y tratar las caries existentes. Es extremadamente importante que los dientes est\u00e9n completamente sanos y que no haya inflamaci\u00f3n en la cavidad oral antes de que se coloquen las carillas.<\/p>\n<p>Luego, despu\u00e9s de una anestesia local, el esmalte del diente es molido. El grosor necesario de la ablaci\u00f3n se determina individualmente y depende, por ejemplo, de la posici\u00f3n de los dientes o de la decoloraci\u00f3n existente. Esta medida asegura que los dientes no se vean anormalmente gruesos m\u00e1s tarde.<\/p>\n<p>Si todo est\u00e1 en orden, las chapas se pegan con un adhesivo especial. Las chapas suelen durar hasta quince a\u00f1os o m\u00e1s y pueden ser reemplazadas por otras nuevas despu\u00e9s.<\/p>\n<p>\u00ab<strong>Cada d\u00eda que no sonr\u00edes es un d\u00eda perdido.<\/strong>\u00bb Charlie Chaplin<\/p>\n<\/div><\/section><\/div>\n<\/div><\/div>\n<\/div><div id='after_submenu_2'  class='main_color av_default_container_wrap container_wrap fullsize' style=' '  ><div class='container' ><div class='template-page content  av-content-full alpha units'><div class='post-entry post-entry-type-page post-entry-2307'><div class='entry-content-wrapper clearfix'>\n<div  style='height:20px' class='hr hr-invisible  av-small-hide av-mini-hide  avia-builder-el-16  el_after_av_layout_row  el_before_av_section  avia-builder-el-no-sibling '><span class='hr-inner ' ><span class='hr-inner-style'><\/span><\/span><\/div>\n<\/div><\/div><\/div><!-- close content main div --><\/div><\/div><div id='kontakt'  class='avia-section main_color avia-section-no-padding avia-no-border-styling  avia-full-stretch avia-bg-style-scroll  avia-builder-el-17  el_after_av_hr  avia-builder-el-last   container_wrap fullsize' style='background-repeat: no-repeat; background-image: url(https:\/\/nobledent.de\/wp-content\/uploads\/2020\/02\/nobledent-cta-1-1500x195.jpg);background-attachment: scroll; background-position: top left;  '  data-section-bg-repeat='stretch'><div class='container' ><div class='template-page content  av-content-full alpha units'><div class='post-entry post-entry-type-page post-entry-2307'><div class='entry-content-wrapper clearfix'>\n<div class='flex_column_table av-equal-height-column-flextable -flextable' ><div class=\"flex_column av_two_third  flex_column_table_cell av-equal-height-column av-align-middle av-zero-column-padding first  avia-builder-el-18  el_before_av_one_third  avia-builder-el-first  \" style='border-radius:0px; '><section class=\"av_textblock_section \"  itemscope=\"itemscope\" itemtype=\"https:\/\/schema.org\/CreativeWork\" ><div class='avia_textblock  av_inherit_color '  style='font-size:25px; color:#ffffff; '  itemprop=\"text\" ><p><em>\u00bfTiene preguntas o quiere hacer una cita?<\/em><\/p>\n<\/div><\/section><\/div><div class='av-flex-placeholder'><\/div><div class=\"flex_column av_one_third  flex_column_table_cell av-equal-height-column av-align-middle av-zero-column-padding   avia-builder-el-20  el_after_av_two_third  avia-builder-el-last  \" style='border-radius:0px; '><section class=\"av_textblock_section \"  itemscope=\"itemscope\" itemtype=\"https:\/\/schema.org\/CreativeWork\" ><div class='avia_textblock  av_inherit_color '  style='font-size:40px; color:#ffffff; '  itemprop=\"text\" ><p><em><a href=\"tel:+34871859859\">+34 871 859 859<\/a><br \/>\n<\/em><\/p>\n<\/div><\/section><\/div><\/div><!--close column table wrapper. Autoclose: 1 -->\n\n","protected":false},"excerpt":{"rendered":"","protected":false},"author":4,"featured_media":0,"parent":2292,"menu_order":0,"comment_status":"closed","ping_status":"closed","template":"","meta":{"footnotes":""},"yoast_head":"<!-- This site is optimized with the Yoast SEO plugin v23.0 - https:\/\/yoast.com\/wordpress\/plugins\/seo\/ -->\n<title>Nobledent - Veneere und Verblendschalen - Zahnarztpraxis auf Mallorca<\/title>\n<meta name=\"description\" content=\"Sie ben\u00f6tigen ein Veneer oder Zahnersatz - Jetzt Termin vereinbaren - Ihr deutsch-sprachiger Zahnarzt auf Mallorca.\" \/>\n<meta name=\"robots\" content=\"index, follow, max-snippet:-1, max-image-preview:large, max-video-preview:-1\" \/>\n<link rel=\"canonical\" href=\"https:\/\/nobledent.de\/es\/clinica-dental\/odontologia-estetica\/carillas\/\" \/>\n<meta property=\"og:locale\" content=\"es_ES\" \/>\n<meta property=\"og:type\" content=\"article\" \/>\n<meta property=\"og:title\" content=\"Nobledent - Veneere und Verblendschalen - Zahnarztpraxis auf Mallorca\" \/>\n<meta property=\"og:description\" content=\"Sie ben\u00f6tigen ein Veneer oder Zahnersatz - Jetzt Termin vereinbaren - Ihr deutsch-sprachiger Zahnarzt auf Mallorca.\" \/>\n<meta property=\"og:url\" content=\"https:\/\/nobledent.de\/es\/clinica-dental\/odontologia-estetica\/carillas\/\" \/>\n<meta property=\"og:site_name\" content=\"nobledent.de\" \/>\n<meta property=\"article:modified_time\" content=\"2020-08-05T06:38:17+00:00\" \/>\n<meta name=\"twitter:card\" content=\"summary_large_image\" \/>\n<meta name=\"twitter:label1\" content=\"Tiempo de lectura\" \/>\n\t<meta name=\"twitter:data1\" content=\"11 minutos\" \/>\n<script type=\"application\/ld+json\" class=\"yoast-schema-graph\">{\"@context\":\"https:\/\/schema.org\",\"@graph\":[{\"@type\":\"WebPage\",\"@id\":\"https:\/\/nobledent.de\/es\/clinica-dental\/odontologia-estetica\/carillas\/\",\"url\":\"https:\/\/nobledent.de\/es\/clinica-dental\/odontologia-estetica\/carillas\/\",\"name\":\"Nobledent - Veneere und Verblendschalen - Zahnarztpraxis auf Mallorca\",\"isPartOf\":{\"@id\":\"https:\/\/nobledent.de\/#website\"},\"datePublished\":\"2020-05-07T14:41:48+00:00\",\"dateModified\":\"2020-08-05T06:38:17+00:00\",\"description\":\"Sie ben\u00f6tigen ein Veneer oder Zahnersatz - Jetzt Termin vereinbaren - Ihr deutsch-sprachiger Zahnarzt auf Mallorca.\",\"breadcrumb\":{\"@id\":\"https:\/\/nobledent.de\/es\/clinica-dental\/odontologia-estetica\/carillas\/#breadcrumb\"},\"inLanguage\":\"es\",\"potentialAction\":[{\"@type\":\"ReadAction\",\"target\":[\"https:\/\/nobledent.de\/es\/clinica-dental\/odontologia-estetica\/carillas\/\"]}]},{\"@type\":\"BreadcrumbList\",\"@id\":\"https:\/\/nobledent.de\/es\/clinica-dental\/odontologia-estetica\/carillas\/#breadcrumb\",\"itemListElement\":[{\"@type\":\"ListItem\",\"position\":1,\"name\":\"Startseite\",\"item\":\"https:\/\/nobledent.de\/es\/pagina-web\/\"},{\"@type\":\"ListItem\",\"position\":2,\"name\":\"Clinica dental\",\"item\":\"https:\/\/nobledent.de\/es\/clinica-dental\/\"},{\"@type\":\"ListItem\",\"position\":3,\"name\":\"Odontolog\u00eda est\u00e9tica\",\"item\":\"https:\/\/nobledent.de\/es\/clinica-dental\/odontologia-estetica\/\"},{\"@type\":\"ListItem\",\"position\":4,\"name\":\"Carillas\"}]},{\"@type\":\"WebSite\",\"@id\":\"https:\/\/nobledent.de\/#website\",\"url\":\"https:\/\/nobledent.de\/\",\"name\":\"nobledent.de\",\"description\":\"Just another WordPress site\",\"publisher\":{\"@id\":\"https:\/\/nobledent.de\/#organization\"},\"potentialAction\":[{\"@type\":\"SearchAction\",\"target\":{\"@type\":\"EntryPoint\",\"urlTemplate\":\"https:\/\/nobledent.de\/?s={search_term_string}\"},\"query-input\":\"required name=search_term_string\"}],\"inLanguage\":\"es\"},{\"@type\":\"Organization\",\"@id\":\"https:\/\/nobledent.de\/#organization\",\"name\":\"Nobledent\",\"url\":\"https:\/\/nobledent.de\/\",\"logo\":{\"@type\":\"ImageObject\",\"inLanguage\":\"es\",\"@id\":\"https:\/\/nobledent.de\/#\/schema\/logo\/image\/\",\"url\":\"https:\/\/nobledent.de\/wp-content\/uploads\/2020\/02\/nobledent-logo-schatten.png\",\"contentUrl\":\"https:\/\/nobledent.de\/wp-content\/uploads\/2020\/02\/nobledent-logo-schatten.png\",\"width\":440,\"height\":160,\"caption\":\"Nobledent\"},\"image\":{\"@id\":\"https:\/\/nobledent.de\/#\/schema\/logo\/image\/\"}}]}<\/script>\n<!-- \/ Yoast SEO plugin. -->","yoast_head_json":{"title":"Nobledent - Veneere und Verblendschalen - Zahnarztpraxis auf Mallorca","description":"Sie ben\u00f6tigen ein Veneer oder Zahnersatz - Jetzt Termin vereinbaren - Ihr deutsch-sprachiger Zahnarzt auf Mallorca.","robots":{"index":"index","follow":"follow","max-snippet":"max-snippet:-1","max-image-preview":"max-image-preview:large","max-video-preview":"max-video-preview:-1"},"canonical":"https:\/\/nobledent.de\/es\/clinica-dental\/odontologia-estetica\/carillas\/","og_locale":"es_ES","og_type":"article","og_title":"Nobledent - Veneere und Verblendschalen - Zahnarztpraxis auf Mallorca","og_description":"Sie ben\u00f6tigen ein Veneer oder Zahnersatz - Jetzt Termin vereinbaren - Ihr deutsch-sprachiger Zahnarzt auf Mallorca.","og_url":"https:\/\/nobledent.de\/es\/clinica-dental\/odontologia-estetica\/carillas\/","og_site_name":"nobledent.de","article_modified_time":"2020-08-05T06:38:17+00:00","twitter_card":"summary_large_image","twitter_misc":{"Tiempo de lectura":"11 minutos"},"schema":{"@context":"https:\/\/schema.org","@graph":[{"@type":"WebPage","@id":"https:\/\/nobledent.de\/es\/clinica-dental\/odontologia-estetica\/carillas\/","url":"https:\/\/nobledent.de\/es\/clinica-dental\/odontologia-estetica\/carillas\/","name":"Nobledent - Veneere und Verblendschalen - Zahnarztpraxis auf Mallorca","isPartOf":{"@id":"https:\/\/nobledent.de\/#website"},"datePublished":"2020-05-07T14:41:48+00:00","dateModified":"2020-08-05T06:38:17+00:00","description":"Sie ben\u00f6tigen ein Veneer oder Zahnersatz - Jetzt Termin vereinbaren - Ihr deutsch-sprachiger Zahnarzt auf Mallorca.","breadcrumb":{"@id":"https:\/\/nobledent.de\/es\/clinica-dental\/odontologia-estetica\/carillas\/#breadcrumb"},"inLanguage":"es","potentialAction":[{"@type":"ReadAction","target":["https:\/\/nobledent.de\/es\/clinica-dental\/odontologia-estetica\/carillas\/"]}]},{"@type":"BreadcrumbList","@id":"https:\/\/nobledent.de\/es\/clinica-dental\/odontologia-estetica\/carillas\/#breadcrumb","itemListElement":[{"@type":"ListItem","position":1,"name":"Startseite","item":"https:\/\/nobledent.de\/es\/pagina-web\/"},{"@type":"ListItem","position":2,"name":"Clinica dental","item":"https:\/\/nobledent.de\/es\/clinica-dental\/"},{"@type":"ListItem","position":3,"name":"Odontolog\u00eda est\u00e9tica","item":"https:\/\/nobledent.de\/es\/clinica-dental\/odontologia-estetica\/"},{"@type":"ListItem","position":4,"name":"Carillas"}]},{"@type":"WebSite","@id":"https:\/\/nobledent.de\/#website","url":"https:\/\/nobledent.de\/","name":"nobledent.de","description":"Just another WordPress site","publisher":{"@id":"https:\/\/nobledent.de\/#organization"},"potentialAction":[{"@type":"SearchAction","target":{"@type":"EntryPoint","urlTemplate":"https:\/\/nobledent.de\/?s={search_term_string}"},"query-input":"required name=search_term_string"}],"inLanguage":"es"},{"@type":"Organization","@id":"https:\/\/nobledent.de\/#organization","name":"Nobledent","url":"https:\/\/nobledent.de\/","logo":{"@type":"ImageObject","inLanguage":"es","@id":"https:\/\/nobledent.de\/#\/schema\/logo\/image\/","url":"https:\/\/nobledent.de\/wp-content\/uploads\/2020\/02\/nobledent-logo-schatten.png","contentUrl":"https:\/\/nobledent.de\/wp-content\/uploads\/2020\/02\/nobledent-logo-schatten.png","width":440,"height":160,"caption":"Nobledent"},"image":{"@id":"https:\/\/nobledent.de\/#\/schema\/logo\/image\/"}}]}},"_links":{"self":[{"href":"https:\/\/nobledent.de\/es\/wp-json\/wp\/v2\/pages\/2307"}],"collection":[{"href":"https:\/\/nobledent.de\/es\/wp-json\/wp\/v2\/pages"}],"about":[{"href":"https:\/\/nobledent.de\/es\/wp-json\/wp\/v2\/types\/page"}],"author":[{"embeddable":true,"href":"https:\/\/nobledent.de\/es\/wp-json\/wp\/v2\/users\/4"}],"replies":[{"embeddable":true,"href":"https:\/\/nobledent.de\/es\/wp-json\/wp\/v2\/comments?post=2307"}],"version-history":[{"count":4,"href":"https:\/\/nobledent.de\/es\/wp-json\/wp\/v2\/pages\/2307\/revisions"}],"predecessor-version":[{"id":2818,"href":"https:\/\/nobledent.de\/es\/wp-json\/wp\/v2\/pages\/2307\/revisions\/2818"}],"up":[{"embeddable":true,"href":"https:\/\/nobledent.de\/es\/wp-json\/wp\/v2\/pages\/2292"}],"wp:attachment":[{"href":"https:\/\/nobledent.de\/es\/wp-json\/wp\/v2\/media?parent=2307"}],"curies":[{"name":"wp","href":"https:\/\/api.w.org\/{rel}","templated":true}]}}